{"id":37,"date":"2019-10-26T18:08:52","date_gmt":"2019-10-26T18:08:52","guid":{"rendered":"https:\/\/gruene-emsland.de\/?page_id=37"},"modified":"2025-01-13T09:22:51","modified_gmt":"2025-01-13T09:22:51","slug":"datenschutzerklaerung","status":"publish","type":"page","link":"https:\/\/gruene-emsland.de\/?page_id=37","title":{"rendered":"Datenschutzerkl\u00e4rung"},"content":{"rendered":"\n<h1 class=\"wp-block-heading\"><\/h1>\n\n\n\n<h2 class=\"wp-block-heading\">1. Datenschutz auf einen Blick<\/h2>\n\n\n\n<h3 class=\"wp-block-heading\">Allgemeine Hinweise<\/h3>\n\n\n\n<p>Die folgenden Hinweise geben einen einfachen \u00dcberblick dar\u00fcber, was mit Ihren personenbezogenen Daten passiert, wenn Sie diese Website besuchen. Personenbezogene Daten sind alle Daten, mit denen Sie pers\u00f6nlich identifiziert werden k\u00f6nnen. Ausf\u00fchrliche Informationen zum Thema Datenschutz entnehmen Sie unserer unter diesem Text aufgef\u00fchrten Datenschutzerkl\u00e4rung.<\/p>\n\n\n\n<h3 class=\"wp-block-heading\">Datenerfassung auf dieser Website<\/h3>\n\n\n\n<h4 class=\"wp-block-heading\">Wer ist verantwortlich f\u00fcr die Datenerfassung auf dieser Website?<\/h4>\n\n\n\n<p>Die Datenverarbeitung auf dieser Website erfolgt durch den Websitebetreiber. Dessen Kontaktdaten k\u00f6nnen Sie dem Abschnitt \u201eHinweis zur Verantwortlichen Stelle\u201c in dieser Datenschutzerkl\u00e4rung entnehmen.<\/p>\n\n\n\n<h4 class=\"wp-block-heading\">Wie erfassen wir Ihre Daten?<\/h4>\n\n\n\n<p>Ihre Daten werden zum einen dadurch erhoben, dass Sie uns diese mitteilen. Hierbei kann es sich z.&nbsp;B. um Daten handeln, die Sie in ein Kontaktformular eingeben.<\/p>\n\n\n\n<p>Andere Daten werden automatisch oder nach Ihrer Einwilligung beim Besuch der Website durch unsere IT-Systeme erfasst. Das sind vor allem technische Daten (z.&nbsp;B. Internetbrowser, Betriebssystem oder Uhrzeit des Seitenaufrufs). Die Erfassung dieser Daten erfolgt automatisch, sobald Sie diese Website betreten.<\/p>\n\n\n\n<h4 class=\"wp-block-heading\">Wof\u00fcr nutzen wir Ihre Daten?<\/h4>\n\n\n\n<p>Ein Teil der Daten wird erhoben, um eine fehlerfreie Bereitstellung der Website zu gew\u00e4hrleisten. Andere Daten k\u00f6nnen zur Analyse Ihres Nutzerverhaltens verwendet werden.<\/p>\n\n\n\n<h4 class=\"wp-block-heading\">Welche Rechte haben Sie bez\u00fcglich Ihrer Daten?<\/h4>\n\n\n\n<p>Sie haben jederzeit das Recht, unentgeltlich Auskunft \u00fcber Herkunft, Empf\u00e4nger und Zweck Ihrer gespeicherten personenbezogenen Daten zu erhalten. Sie haben au\u00dferdem ein Recht, die Berichtigung oder L\u00f6schung dieser Daten zu verlangen. Wenn Sie eine Einwilligung zur Datenverarbeitung erteilt haben, k\u00f6nnen Sie diese Einwilligung jederzeit f\u00fcr die Zukunft widerrufen. Au\u00dferdem haben Sie das Recht, unter bestimmten Umst\u00e4nden die Einschr\u00e4nkung der Verarbeitung Ihrer personenbezogenen Daten zu verlangen. Des Weiteren steht Ihnen ein Beschwerderecht bei der zust\u00e4ndigen Aufsichtsbeh\u00f6rde zu.<\/p>\n\n\n\n<p>Hierzu sowie zu weiteren Fragen zum Thema Datenschutz k\u00f6nnen Sie sich jederzeit an uns wenden.<\/p>\n\n\n\n<h2 class=\"wp-block-heading\">2. Hosting<\/h2>\n\n\n\n<p>Wir hosten die Inhalte unserer Website bei folgendem Anbieter:<\/p>\n\n\n\n<h3 class=\"wp-block-heading\">Strato<\/h3>\n\n\n\n<p>Anbieter ist die Strato AG, Otto-Ostrowski-Stra\u00dfe 7, 10249 Berlin (nachfolgend \u201eStrato\u201c). Wenn Sie unsere Website besuchen, erfasst Strato verschiedene Logfiles inklusive Ihrer IP-Adressen.<\/p>\n\n\n\n<p>Weitere Informationen entnehmen Sie der Datenschutzerkl\u00e4rung von Strato: <a href=\"https:\/\/www.strato.de\/datenschutz\/\" target=\"_blank\" rel=\"noreferrer noopener\">https:\/\/www.strato.de\/datenschutz\/<\/a>.<\/p>\n\n\n\n<p>Die Verwendung von Strato erfolgt auf Grundlage von Art. 6 Abs. 1 lit. f DSGVO. Wir haben ein berechtigtes Interesse an einer m\u00f6glichst zuverl\u00e4ssigen Darstellung unserer Website. Sofern eine entsprechende Einwilligung abgefragt wurde, erfolgt die Verarbeitung ausschlie\u00dflich auf Grundlage von Art. 6 Abs. 1 lit. a DSGVO und \u00a7 25 Abs. 1 TTDSG, soweit die Einwilligung die Speicherung von Cookies oder den Zugriff auf Informationen im Endger\u00e4t des Nutzers (z.&nbsp;B. Device-Fingerprinting) im Sinne des TTDSG umfasst. Die Einwilligung ist jederzeit widerrufbar.<\/p>\n\n\n\n<h4 class=\"wp-block-heading\">Auftragsverarbeitung<\/h4>\n\n\n\n<p>Wir haben einen Vertrag \u00fcber Auftragsverarbeitung (AVV) zur Nutzung des oben genannten Dienstes geschlossen. Hierbei handelt es sich um einen datenschutzrechtlich vorgeschriebenen Vertrag, der gew\u00e4hrleistet, dass dieser die personenbezogenen Daten unserer Websitebesucher nur nach unseren Weisungen und unter Einhaltung der DSGVO verarbeitet.<\/p>\n\n\n\n<h2 class=\"wp-block-heading\">3. Allgemeine Hinweise und Pflicht\u00adinformationen<\/h2>\n\n\n\n<h3 class=\"wp-block-heading\">Datenschutz<\/h3>\n\n\n\n<p>Die Betreiber dieser Seiten nehmen den Schutz Ihrer pers\u00f6nlichen Daten sehr ernst. Wir behandeln Ihre personenbezogenen Daten vertraulich und entsprechend den gesetzlichen Datenschutzvorschriften sowie dieser Datenschutzerkl\u00e4rung.<\/p>\n\n\n\n<p>Wenn Sie diese Website benutzen, werden verschiedene personenbezogene Daten erhoben. Personenbezogene Daten sind Daten, mit denen Sie pers\u00f6nlich identifiziert werden k\u00f6nnen. Die vorliegende Datenschutzerkl\u00e4rung erl\u00e4utert, welche Daten wir erheben und wof\u00fcr wir sie nutzen. Sie erl\u00e4utert auch, wie und zu welchem Zweck das geschieht.<\/p>\n\n\n\n<p>Wir weisen darauf hin, dass die Daten\u00fcbertragung im Internet (z.&nbsp;B. bei der Kommunikation per E-Mail) Sicherheitsl\u00fccken aufweisen kann. Ein l\u00fcckenloser Schutz der Daten vor dem Zugriff durch Dritte ist nicht m\u00f6glich.<\/p>\n\n\n\n<h3 class=\"wp-block-heading\">Hinweis zur verantwortlichen Stelle<\/h3>\n\n\n\n<p>Die verantwortliche Stelle f\u00fcr die Datenverarbeitung auf dieser Website ist:<\/p>\n\n\n\n<p>B\u00fcndnis 90 \/ Die Gr\u00fcnen<br>Kreisverband Emsland<br>Kreistagsfraktion Emsland<br>Hannah Thomann<br>Karolinenstra\u00dfe 3<br>49808 Lingen<\/p>\n\n\n\n<p>Telefon: &nbsp;+49 1522 4483966<br>E-Mail: vorstand@gruene-emsland.de<\/p>\n\n\n\n<p>Verantwortliche Stelle ist die nat\u00fcrliche oder juristische Person, die allein oder gemeinsam mit anderen \u00fcber die Zwecke und Mittel der Verarbeitung von personenbezogenen Daten (z.&nbsp;B. Namen, E-Mail-Adressen o. \u00c4.) entscheidet.<\/p>\n\n\n\n<h3 class=\"wp-block-heading\">Speicherdauer<\/h3>\n\n\n\n<p>Soweit innerhalb dieser Datenschutzerkl\u00e4rung keine speziellere Speicherdauer genannt wurde, verbleiben Ihre personenbezogenen Daten bei uns, bis der Zweck f\u00fcr die Datenverarbeitung entf\u00e4llt. Wenn Sie ein berechtigtes L\u00f6schersuchen geltend machen oder eine Einwilligung zur Datenverarbeitung widerrufen, werden Ihre Daten gel\u00f6scht, sofern wir keine anderen rechtlich zul\u00e4ssigen Gr\u00fcnde f\u00fcr die Speicherung Ihrer personenbezogenen Daten haben (z.&nbsp;B. steuer- oder handelsrechtliche Aufbewahrungsfristen); im letztgenannten Fall erfolgt die L\u00f6schung nach Fortfall dieser Gr\u00fcnde.<\/p>\n\n\n\n<h3 class=\"wp-block-heading\">Allgemeine Hinweise zu den Rechtsgrundlagen der Datenverarbeitung auf dieser Website<\/h3>\n\n\n\n<p>Sofern Sie in die Datenverarbeitung eingewilligt haben, verarbeiten wir Ihre personenbezogenen Daten auf Grundlage von Art. 6 Abs. 1 lit. a DSGVO bzw. Art. 9 Abs. 2 lit. a DSGVO, sofern besondere Datenkategorien nach Art. 9 Abs. 1 DSGVO verarbeitet werden. Im Falle einer ausdr\u00fccklichen Einwilligung in die \u00dcbertragung personenbezogener Daten in Drittstaaten erfolgt die Datenverarbeitung au\u00dferdem auf Grundlage von Art. 49 Abs. 1 lit. a DSGVO. Sofern Sie in die Speicherung von Cookies oder in den Zugriff auf Informationen in Ihr Endger\u00e4t (z.&nbsp;B. via Device-Fingerprinting) eingewilligt haben, erfolgt die Datenverarbeitung zus\u00e4tzlich auf Grundlage von \u00a7 25 Abs. 1 TTDSG. Die Einwilligung ist jederzeit widerrufbar. Sind Ihre Daten zur Vertragserf\u00fcllung oder zur Durchf\u00fchrung vorvertraglicher Ma\u00dfnahmen erforderlich, verarbeiten wir Ihre Daten auf Grundlage des Art. 6 Abs. 1 lit. b DSGVO. Des Weiteren verarbeiten wir Ihre Daten, sofern diese zur Erf\u00fcllung einer rechtlichen Verpflichtung erforderlich sind auf Grundlage von Art. 6 Abs. 1 lit. c DSGVO. Die Datenverarbeitung kann ferner auf Grundlage unseres berechtigten Interesses nach Art. 6 Abs. 1 lit. f DSGVO erfolgen. \u00dcber die jeweils im Einzelfall einschl\u00e4gigen Rechtsgrundlagen wird in den folgenden Abs\u00e4tzen dieser Datenschutzerkl\u00e4rung informiert.<\/p>\n\n\n\n<h3 class=\"wp-block-heading\">Widerruf Ihrer Einwilligung zur Datenverarbeitung<\/h3>\n\n\n\n<p>Viele Datenverarbeitungsvorg\u00e4nge sind nur mit Ihrer ausdr\u00fccklichen Einwilligung m\u00f6glich. Sie k\u00f6nnen eine bereits erteilte Einwilligung jederzeit widerrufen. Die Rechtm\u00e4\u00dfigkeit der bis zum Widerruf erfolgten Datenverarbeitung bleibt vom Widerruf unber\u00fchrt.<\/p>\n\n\n\n<h3 class=\"wp-block-heading\">Widerspruchsrecht gegen die Datenerhebung in besonderen F\u00e4llen sowie gegen Direktwerbung (Art. 21 DSGVO)<\/h3>\n\n\n\n<p>WENN DIE DATENVERARBEITUNG AUF GRUNDLAGE VON ART. 6 ABS. 1 LIT. E ODER F DSGVO ERFOLGT, HABEN SIE JEDERZEIT DAS RECHT, AUS GR\u00dcNDEN, DIE SICH AUS IHRER BESONDEREN SITUATION ERGEBEN, GEGEN DIE VERARBEITUNG IHRER PERSONENBEZOGENEN DATEN WIDERSPRUCH EINZULEGEN; DIES GILT AUCH F\u00dcR EIN AUF DIESE BESTIMMUNGEN GEST\u00dcTZTES PROFILING. DIE JEWEILIGE RECHTSGRUNDLAGE, AUF DENEN EINE VERARBEITUNG BERUHT, ENTNEHMEN SIE DIESER DATENSCHUTZERKL\u00c4RUNG. WENN SIE WIDERSPRUCH EINLEGEN, WERDEN WIR IHRE BETROFFENEN PERSONENBEZOGENEN DATEN NICHT MEHR VERARBEITEN, ES SEI DENN, WIR K\u00d6NNEN ZWINGENDE SCHUTZW\u00dcRDIGE GR\u00dcNDE F\u00dcR DIE VERARBEITUNG NACHWEISEN, DIE IHRE INTERESSEN, RECHTE UND FREIHEITEN \u00dcBERWIEGEN ODER DIE VERARBEITUNG DIENT DER GELTENDMACHUNG, AUS\u00dcBUNG ODER VERTEIDIGUNG VON RECHTSANSPR\u00dcCHEN (WIDERSPRUCH NACH ART. 21 ABS. 1 DSGVO).<\/p>\n\n\n\n<p>WERDEN IHRE PERSONENBEZOGENEN DATEN VERARBEITET, UM DIREKTWERBUNG ZU BETREIBEN, SO HABEN SIE DAS RECHT, JEDERZEIT WIDERSPRUCH GEGEN DIE VERARBEITUNG SIE BETREFFENDER PERSONENBEZOGENER DATEN ZUM ZWECKE DERARTIGER WERBUNG EINZULEGEN; DIES GILT AUCH F\u00dcR DAS PROFILING, SOWEIT ES MIT SOLCHER DIREKTWERBUNG IN VERBINDUNG STEHT. WENN SIE WIDERSPRECHEN, WERDEN IHRE PERSONENBEZOGENEN DATEN ANSCHLIESSEND NICHT MEHR ZUM ZWECKE DER DIREKTWERBUNG VERWENDET (WIDERSPRUCH NACH ART. 21 ABS. 2 DSGVO).<\/p>\n\n\n\n<h3 class=\"wp-block-heading\">Beschwerde\u00adrecht bei der zust\u00e4ndigen Aufsichts\u00adbeh\u00f6rde<\/h3>\n\n\n\n<p>Im Falle von Verst\u00f6\u00dfen gegen die DSGVO steht den Betroffenen ein Beschwerderecht bei einer Aufsichtsbeh\u00f6rde, insbesondere in dem Mitgliedstaat ihres gew\u00f6hnlichen Aufenthalts, ihres Arbeitsplatzes oder des Orts des mutma\u00dflichen Versto\u00dfes zu. Das Beschwerderecht besteht unbeschadet anderweitiger verwaltungsrechtlicher oder gerichtlicher Rechtsbehelfe.<\/p>\n\n\n\n<h3 class=\"wp-block-heading\">Recht auf Daten\u00ad\u00fcbertrag\u00adbarkeit<\/h3>\n\n\n\n<p>Sie haben das Recht, Daten, die wir auf Grundlage Ihrer Einwilligung oder in Erf\u00fcllung eines Vertrags automatisiert verarbeiten, an sich oder an einen Dritten in einem g\u00e4ngigen, maschinenlesbaren Format aush\u00e4ndigen zu lassen. Sofern Sie die direkte \u00dcbertragung der Daten an einen anderen Verantwortlichen verlangen, erfolgt dies nur, soweit es technisch machbar ist.<\/p>\n\n\n\n<h3 class=\"wp-block-heading\">Auskunft, L\u00f6schung und Berichtigung<\/h3>\n\n\n\n<p>Sie haben im Rahmen der geltenden gesetzlichen Bestimmungen jederzeit das Recht auf unentgeltliche Auskunft \u00fcber Ihre gespeicherten personenbezogenen Daten, deren Herkunft und Empf\u00e4nger und den Zweck der Datenverarbeitung und ggf. ein Recht auf Berichtigung oder L\u00f6schung dieser Daten. Hierzu sowie zu weiteren Fragen zum Thema personenbezogene Daten k\u00f6nnen Sie sich jederzeit an uns wenden.<\/p>\n\n\n\n<h3 class=\"wp-block-heading\">Recht auf Einschr\u00e4nkung der Verarbeitung<\/h3>\n\n\n\n<p>Sie haben das Recht, die Einschr\u00e4nkung der Verarbeitung Ihrer personenbezogenen Daten zu verlangen. Hierzu k\u00f6nnen Sie sich jederzeit an uns wenden. Das Recht auf Einschr\u00e4nkung der Verarbeitung besteht in folgenden F\u00e4llen:<\/p>\n\n\n\n<ul class=\"wp-block-list\">\n<li>Wenn Sie die Richtigkeit Ihrer bei uns gespeicherten personenbezogenen Daten bestreiten, ben\u00f6tigen wir in der Regel Zeit, um dies zu \u00fcberpr\u00fcfen. F\u00fcr die Dauer der Pr\u00fcfung haben Sie das Recht, die Einschr\u00e4nkung der Verarbeitung Ihrer personenbezogenen Daten zu verlangen.<\/li>\n\n\n\n<li>Wenn die Verarbeitung Ihrer personenbezogenen Daten unrechtm\u00e4\u00dfig geschah\/geschieht, k\u00f6nnen Sie statt der L\u00f6schung die Einschr\u00e4nkung der Datenverarbeitung verlangen.<\/li>\n\n\n\n<li>Wenn wir Ihre personenbezogenen Daten nicht mehr ben\u00f6tigen, Sie sie jedoch zur Aus\u00fcbung, Verteidigung oder Geltendmachung von Rechtsanspr\u00fcchen ben\u00f6tigen, haben Sie das Recht, statt der L\u00f6schung die Einschr\u00e4nkung der Verarbeitung Ihrer personenbezogenen Daten zu verlangen.<\/li>\n\n\n\n<li>Wenn Sie einen Widerspruch nach Art. 21 Abs. 1 DSGVO eingelegt haben, muss eine Abw\u00e4gung zwischen Ihren und unseren Interessen vorgenommen werden. Solange noch nicht feststeht, wessen Interessen \u00fcberwiegen, haben Sie das Recht, die Einschr\u00e4nkung der Verarbeitung Ihrer personenbezogenen Daten zu verlangen.<\/li>\n<\/ul>\n\n\n\n<p>Wenn Sie die Verarbeitung Ihrer personenbezogenen Daten eingeschr\u00e4nkt haben, d\u00fcrfen diese Daten \u2013 von ihrer Speicherung abgesehen \u2013 nur mit Ihrer Einwilligung oder zur Geltendmachung, Aus\u00fcbung oder Verteidigung von Rechtsanspr\u00fcchen oder zum Schutz der Rechte einer anderen nat\u00fcrlichen oder juristischen Person oder aus Gr\u00fcnden eines wichtigen \u00f6ffentlichen Interesses der Europ\u00e4ischen Union oder eines Mitgliedstaats verarbeitet werden.<\/p>\n\n\n\n<h3 class=\"wp-block-heading\">SSL- bzw. TLS-Verschl\u00fcsselung<\/h3>\n\n\n\n<p>Diese Seite nutzt aus Sicherheitsgr\u00fcnden und zum Schutz der \u00dcbertragung vertraulicher Inhalte, wie zum Beispiel Bestellungen oder Anfragen, die Sie an uns als Seitenbetreiber senden, eine SSL- bzw. TLS-Verschl\u00fcsselung. Eine verschl\u00fcsselte Verbindung erkennen Sie daran, dass die Adresszeile des Browsers von \u201ehttp:\/\/\u201c auf \u201ehttps:\/\/\u201c wechselt und an dem Schloss-Symbol in Ihrer Browserzeile.<\/p>\n\n\n\n<p>Wenn die SSL- bzw. TLS-Verschl\u00fcsselung aktiviert ist, k\u00f6nnen die Daten, die Sie an uns \u00fcbermitteln, nicht von Dritten mitgelesen werden.<\/p>\n\n\n\n<h3 class=\"wp-block-heading\">Widerspruch gegen Werbe-E-Mails<\/h3>\n\n\n\n<p>Der Nutzung von im Rahmen der Impressumspflicht ver\u00f6ffentlichten Kontaktdaten zur \u00dcbersendung von nicht ausdr\u00fccklich angeforderter Werbung und Informationsmaterialien wird hiermit widersprochen. Die Betreiber der Seiten behalten sich ausdr\u00fccklich rechtliche Schritte im Falle der unverlangten Zusendung von Werbeinformationen, etwa durch Spam-E-Mails, vor.<\/p>\n\n\n\n<h3 class=\"wp-block-heading\">Nutzung Messengerdienste<\/h3>\n\n\n\n<p>Wir nutzen zur Information von Sympathisant*innen und Mitgliedern sowie zur Organisation von (Wahlkampf-)Aktivit\u00e4ten wie Aktionen und Veranstaltungen auch Messengerdienste wie Whatsapp und Signal.<\/p>\n\n\n\n<p>Wenn Sie sich f\u00fcr unseren Infokanal oder eine Gruppe eingetragen haben, bitten wir Sie, die nachfolgenden Hinweise zur Funktionsf\u00e4higkeit, Verschl\u00fcsselung, Risiken der Nutzung des jeweiligen Messengers, Nutzung der Metadaten durch das den Messenger bereitstellende Unternehmen und Deine Widerspruchsm\u00f6glichkeiten zu beachten. Die Nutzung des Infokanals wie von Messenger-Gruppen ist vollkommen freiwillig.<\/p>\n\n\n\n<p>Bei jeder Nutzung des Messengers werden folgende Daten an einen Server des Messengerdienstes ggf. in ein Drittland wie den USA \u00fcbertragen und dort verarbeitet:<\/p>\n\n\n\n<ul class=\"wp-block-list\">\n<li>Telefonnummer.<br><\/li>\n\n\n\n<li>Art und H\u00e4ufigkeit der Nutzung.<br><\/li>\n\n\n\n<li>Nutzungsinformationen.<br><\/li>\n\n\n\n<li>Datum der Registrierung.<br><\/li>\n\n\n\n<li>Ger\u00e4teinformationen (z.B. Modellnummer, Betriebssystemversion, Version der WhatsApp-App)<br>Das Land (durch den L\u00e4ndercode)<br><\/li>\n\n\n\n<li>Netzwerkcode.<\/li>\n<\/ul>\n\n\n\n<p>Die von uns verwendeten Messengerdienste sichern zu, dass Kommunikationsinhalte (also die Inhalte deiner Nachricht) Ende-zu-Ende verschl\u00fcsselt werden. Das soll sicherstellen, dass die Inhalte nicht einsehbar sind, nicht einmal durch den Messengerdienst selbst. Bitte achten Sie deshalb darauf, die jeweils aktuellste Version der Software zu verwenden, damit die Verschl\u00fcsselung der Daten sichergestellt ist.<\/p>\n\n\n\n<p>Bitte beachten Sie, dass die Messengerdienste zwar nicht den Inhalt Ihrer Nachrichten kennen, jedoch \u00fcber die sog. Metadaten R\u00fcckschl\u00fcsse ziehen k\u00f6nnen. Bspw. wer mit uns oder dritten kommuniziert und von wo die Kommunikation mit welchen Ger\u00e4ten erfolgt.<\/p>\n\n\n\n<p>Bei der Nutzung von Whatsapp ist mit Ausnahme der verschl\u00fcsselten Inhalte auch eine \u00dcbermittlung der Daten innerhalb der meta-Unternehmensgruppe, insbesondere zu Zwecken der Optimierung der jeweiligen Dienste und Zwecken der Sicherheit, m\u00f6glich. Ebenfalls sollten Sie davon ausgehen, soweit Sie nicht widersprochen haben, dass Ihre von Whatsapp verarbeiteten Daten f\u00fcr Zwecke des Marketings oder der Anzeige auf Nutzer zugeschnittener Werbung auf den meta-Plattformen verwendet werden k\u00f6nnen.<\/p>\n\n\n\n<p>Weitere Angaben zu Zwecken, Arten und Umfang der Verarbeitung Ihrer Daten durch WhatsApp, sowie die diesbez\u00fcglichen Rechte und Einstellungsm\u00f6glichkeiten zum Schutz deiner Privatsph\u00e4re, k\u00f6nnen Sie den Datenschutzhinweisen des Messengerdienstes entnehmen:<\/p>\n\n\n\n<p>Signal: <a href=\"https:\/\/signal.org\/legal\/#terms-of-service\">https:\/\/signal.org\/legal\/#terms-of-service<\/a><\/p>\n\n\n\n<p>Whatsapp: <a href=\"https:\/\/www.whatsapp.com\/legal\/\">https:\/\/www.whatsapp.com\/legal\/<\/a><\/p>\n\n\n\n<p><strong>Name und Kontaktdaten des Verantwortlichen<\/strong><\/p>\n\n\n\n<p>Bundesverband B\u00dcNDNIS 90\/DIE GR\u00dcNEN<br>Platz vor dem Neuen Tor 1<br>10115 Berlin<br>Postfach 04 06 09 in 10063 Berlin<\/p>\n\n\n\n<p>F\u00fcr Fragen zum Datenschutz hier vor Ort wenden Sie sich bitte an die oben angegebene zust\u00e4ndige Stelle.<\/p>\n\n\n\n<p>Zwecke und Rechtsgrundlagen der Verarbeitung Wir verarbeiten Ihre Daten auf Basis Ihrer Einwilligung gem\u00e4\u00df Art. 6 Abs. 1 lit. a DSGVO. Ihre Daten werden zur Information sowie zur Organisation von (Wahlkampf-)Aktivit\u00e4ten wie Aktionen und Veranstaltungen verarbeitet.<\/p>\n\n\n\n<p>Kategorien der personenbezogenen Daten Wir verarbeiten im Rahmen Ihrer Nutzung unserer Messengerdienste folgende Daten:<\/p>\n\n\n\n<ul class=\"wp-block-list\">\n<li>Name<br><\/li>\n\n\n\n<li>Benutzername<br><\/li>\n\n\n\n<li>ggf. Telefonnummer<br><\/li>\n\n\n\n<li>ggf. Inhalte der empfangenen und gesendeten WhatsApp-Nachrichten<br><\/li>\n\n\n\n<li>Datum und Uhrzeit der empfangenen und gesendeten WhatsApp-Nachrichten<br><\/li>\n\n\n\n<li>Betroffenenrechte<br><\/li>\n\n\n\n<li>Empf\u00e4nger der personenbezogenen Daten Ihre Daten werden bei der Nutzung eines Infokanals ausschlie\u00dflich von den daf\u00fcr bestimmten Mitarbeiter*innen von B\u00dcNDNIS 90\/DIE GR\u00dcNEN verarbeitet, um Ihnen Informationen zuzusenden.<\/li>\n<\/ul>\n\n\n\n<p>Bei Nutzung einer Messengergruppe werden Ihre Daten von der\/dem jeweiligen Admin der Gruppe verarbeitet. Admins haben eine Schulung erhalten und sind verpflichtet, die datenschutz- und pers\u00f6nlichkeitsrechtlichen Regelungen zu beachten. Wir leiten Ihre Daten an keine weiteren Empf\u00e4nger weiter. Es ist m\u00f6glich, dass Ihre Daten im Rahmen der Nutzung unseres Angebots durch den Messengerdienst zu anderen Zwecken als den oben beschriebenen verarbeitet werden. Weitere Informationen zur Verarbeitung Ihrer personenbezogenen Daten finden Sie hier:<\/p>\n\n\n\n<p>Signal: <a href=\"https:\/\/signal.org\/legal\/#terms-of-service\">https:\/\/signal.org\/legal\/#terms-of-service<\/a><br>Whatsapp: <a href=\"https:\/\/www.whatsapp.com\/legal\/privacy-policy-eea?lang=de\">https:\/\/www.whatsapp.com\/legal\/privacy-policy-eea?lang=de<\/a><\/p>\n\n\n\n<p><strong>Drittlands\u00fcbermittlung <\/strong><br>Im Rahmen Ihrer Nutzung von Signal oder Whatsapp werden Daten in Drittl\u00e4ndern wie z.B. den USA verarbeitet.<br>B\u00dcNDNIS 90\/DIE GR\u00dcNEN selbst \u00fcbermitteln \u00fcber die Daten hinaus, die bei der Nutzung des Messengers anfallen, keine personenbezogenen Daten in Drittl\u00e4nder.<\/p>\n\n\n\n<p><strong>Dauer der Speicherung der Daten <\/strong><br>Ihre personenbezogenen Daten werden durch uns gespeichert, bis zum Zeitpunkt Ihres Widerrufs. Wenn Sie aus einer der Gruppen austreten, werden Ihre Beitr\u00e4ge automatisch anonymisiert und sind f\u00fcr die anderen Nutzer*innen nicht mehr als Ihre Beitr\u00e4ge erkenntlich. Sie k\u00f6nnen Ihre Beitr\u00e4ge jederzeit selbst l\u00f6schen oder den Admin um L\u00f6schung Ihrer Daten bitten.<\/p>\n\n\n\n<p><strong>Betroffenenrechte <\/strong><br>Ihnen stehen grunds\u00e4tzlich die Rechte auf Auskunft, Berichtigung, L\u00f6schung, Einschr\u00e4nkung, Daten\u00fcbertragbarkeit, Widerruf und Widerspruch zu. Wenn Sie glauben, dass die Verarbeitung Ihrer Daten gegen das Datenschutzrecht verst\u00f6\u00dft oder Ihre datenschutzrechtlichen Anspr\u00fcche sonst in einer Weise verletzt worden sind, k\u00f6nnen Sie sich bei der Aufsichtsbeh\u00f6rde beschweren. In Deutschland sind dies die jeweiligen Landes-Datenschutzbeauftragten.<\/p>\n\n\n\n<p><strong>Widerrufsrecht <\/strong><br>Da wir Ihre Daten auf Basis einer Einwilligung verarbeiten, haben Sie jederzeit das Recht die Verarbeitung Ihrer Daten mit Widerruf Ihrer Einwilligung f\u00fcr die Zukunft zu unterbinden. Ihren Widerruf k\u00f6nnen Sie aus\u00fcben, indem Sie aus der jeweiligen Gruppe oder Community austreten und ggf. Ihre dort geposteten Beitr\u00e4ge vorher l\u00f6schen.<\/p>\n","protected":false},"excerpt":{"rendered":"<p>1. Datenschutz auf einen Blick Allgemeine Hinweise Die folgenden Hinweise geben einen einfachen \u00dcberblick dar\u00fcber, was mit Ihren personenbezogenen Daten passiert, wenn Sie diese Website besuchen. Personenbezogene Daten sind alle [&hellip;]<\/p>\n","protected":false},"author":1,"featured_media":0,"parent":0,"menu_order":0,"comment_status":"closed","ping_status":"closed","template":"","meta":{"footnotes":""},"class_list":["post-37","page","type-page","status-publish","hentry"],"_links":{"self":[{"href":"https:\/\/gruene-emsland.de\/index.php?rest_route=\/wp\/v2\/pages\/37","targetHints":{"allow":["GET"]}}],"collection":[{"href":"https:\/\/gruene-emsland.de\/index.php?rest_route=\/wp\/v2\/pages"}],"about":[{"href":"https:\/\/gruene-emsland.de\/index.php?rest_route=\/wp\/v2\/types\/page"}],"author":[{"embeddable":true,"href":"https:\/\/gruene-emsland.de\/index.php?rest_route=\/wp\/v2\/users\/1"}],"replies":[{"embeddable":true,"href":"https:\/\/gruene-emsland.de\/index.php?rest_route=%2Fwp%2Fv2%2Fcomments&post=37"}],"version-history":[{"count":6,"href":"https:\/\/gruene-emsland.de\/index.php?rest_route=\/wp\/v2\/pages\/37\/revisions"}],"predecessor-version":[{"id":609,"href":"https:\/\/gruene-emsland.de\/index.php?rest_route=\/wp\/v2\/pages\/37\/revisions\/609"}],"wp:attachment":[{"href":"https:\/\/gruene-emsland.de\/index.php?rest_route=%2Fwp%2Fv2%2Fmedia&parent=37"}],"curies":[{"name":"wp","href":"https:\/\/api.w.org\/{rel}","templated":true}]}}